{"id":444,"date":"2020-12-07T09:43:30","date_gmt":"2020-12-07T08:43:30","guid":{"rendered":"http:\/\/www.quimicasmeristem.com\/fr\/?page_id=444"},"modified":"2021-05-21T13:20:16","modified_gmt":"2021-05-21T11:20:16","slug":"politique-de-confidentialite","status":"publish","type":"page","link":"https:\/\/www.meristem.com\/fr\/politique-de-confidentialite\/","title":{"rendered":"Politique de confidentialit\u00e9"},"content":{"rendered":"<p>[et_pb_section fb_built=\u00a0\u00bb1&Prime; fullwidth=\u00a0\u00bbon\u00a0\u00bb disabled_on=\u00a0\u00bboff|off|off\u00a0\u00bb _builder_version=\u00a0\u00bb4.7.3&Prime; _module_preset=\u00a0\u00bbdefault\u00a0\u00bb][et_pb_fullwidth_slider module_class=\u00a0\u00bbcabecera\u00a0\u00bb _builder_version=\u00a0\u00bb4.9.0&Prime; _module_preset=\u00a0\u00bbdefault\u00a0\u00bb height=\u00a0\u00bb400px\u00a0\u00bb auto=\u00a0\u00bbon\u00a0\u00bb auto_ignore_hover=\u00a0\u00bbon\u00a0\u00bb hover_transition_duration=\u00a0\u00bb500ms\u00a0\u00bb][et_pb_slide heading=\u00a0\u00bbSolutions innovantes pour votre champ\u00a0\u00bb _builder_version=\u00a0\u00bb4.9.0&Prime; _module_preset=\u00a0\u00bbdefault\u00a0\u00bb header_font=\u00a0\u00bb|700|||||||\u00a0\u00bb header_font_size=\u00a0\u00bb48px\u00a0\u00bb background_image=\u00a0\u00bbhttps:\/\/www.meristem.com\/fr\/wp-content\/uploads\/header-pulverizacion.jpg\u00a0\u00bb background_enable_image=\u00a0\u00bbon\u00a0\u00bb background_position=\u00a0\u00bbtop_center\u00a0\u00bb custom_padding=\u00a0\u00bb20%||||false|false\u00a0\u00bb header_text_shadow_style=\u00a0\u00bbpreset3&Prime; header_text_shadow_color=\u00a0\u00bbrgba(0,0,0,0.7)\u00a0\u00bb text_shadow_style=\u00a0\u00bbpreset3&Prime; text_shadow_color=\u00a0\u00bb#000000&Prime; sticky_transition=\u00a0\u00bbon\u00a0\u00bb][\/et_pb_slide][et_pb_slide heading=\u00a0\u00bbSolutions innovantes pour votre champ\u00a0\u00bb _builder_version=\u00a0\u00bb4.9.0&Prime; _module_preset=\u00a0\u00bbdefault\u00a0\u00bb header_font=\u00a0\u00bb|700|||||||\u00a0\u00bb header_font_size=\u00a0\u00bb48px\u00a0\u00bb background_image=\u00a0\u00bbhttps:\/\/www.meristem.com\/fr\/wp-content\/uploads\/header-tecnico.jpg\u00a0\u00bb background_enable_image=\u00a0\u00bbon\u00a0\u00bb background_position=\u00a0\u00bbtop_center\u00a0\u00bb custom_padding=\u00a0\u00bb20%||||false|false\u00a0\u00bb header_text_shadow_style=\u00a0\u00bbpreset3&Prime; header_text_shadow_color=\u00a0\u00bbrgba(0,0,0,0.7)\u00a0\u00bb text_shadow_style=\u00a0\u00bbpreset3&Prime; text_shadow_color=\u00a0\u00bb#000000&Prime; sticky_transition=\u00a0\u00bbon\u00a0\u00bb][\/et_pb_slide][et_pb_slide heading=\u00a0\u00bbSolutions innovantes pour votre champ\u00a0\u00bb _builder_version=\u00a0\u00bb4.9.0&Prime; _module_preset=\u00a0\u00bbdefault\u00a0\u00bb header_font=\u00a0\u00bb|700|||||||\u00a0\u00bb header_font_size=\u00a0\u00bb48px\u00a0\u00bb background_image=\u00a0\u00bbhttps:\/\/www.meristem.com\/fr\/wp-content\/uploads\/header-cenital.jpg\u00a0\u00bb background_enable_image=\u00a0\u00bbon\u00a0\u00bb custom_padding=\u00a0\u00bb20%||||false|false\u00a0\u00bb header_text_shadow_style=\u00a0\u00bbpreset3&Prime; header_text_shadow_color=\u00a0\u00bbrgba(0,0,0,0.7)\u00a0\u00bb text_shadow_style=\u00a0\u00bbpreset3&Prime; text_shadow_color=\u00a0\u00bb#000000&Prime; sticky_transition=\u00a0\u00bbon\u00a0\u00bb][\/et_pb_slide][et_pb_slide heading=\u00a0\u00bbSolutions innovantes pour votre champ\u00a0\u00bb _builder_version=\u00a0\u00bb4.9.0&Prime; _module_preset=\u00a0\u00bbdefault\u00a0\u00bb header_font=\u00a0\u00bb|700|||||||\u00a0\u00bb header_font_size=\u00a0\u00bb48px\u00a0\u00bb background_image=\u00a0\u00bbhttps:\/\/www.meristem.com\/fr\/wp-content\/uploads\/header-vinedo.jpg\u00a0\u00bb background_enable_image=\u00a0\u00bbon\u00a0\u00bb background_position=\u00a0\u00bbtop_center\u00a0\u00bb custom_padding=\u00a0\u00bb20%||||false|false\u00a0\u00bb header_text_shadow_style=\u00a0\u00bbpreset3&Prime; header_text_shadow_color=\u00a0\u00bbrgba(0,0,0,0.7)\u00a0\u00bb text_shadow_style=\u00a0\u00bbpreset1&Prime; text_shadow_color=\u00a0\u00bb#000000&Prime; sticky_transition=\u00a0\u00bbon\u00a0\u00bb][\/et_pb_slide][\/et_pb_fullwidth_slider][\/et_pb_section][et_pb_section fb_built=\u00a0\u00bb1&Prime; module_class=\u00a0\u00bbseccion legal\u00a0\u00bb _builder_version=\u00a0\u00bb4.9.0&Prime; _module_preset=\u00a0\u00bbdefault\u00a0\u00bb background_enable_color=\u00a0\u00bboff\u00a0\u00bb][et_pb_row _builder_version=\u00a0\u00bb4.7.4&Prime; _module_preset=\u00a0\u00bbdefault\u00a0\u00bb][et_pb_column type=\u00a0\u00bb4_4&Prime; _builder_version=\u00a0\u00bb4.7.4&Prime; _module_preset=\u00a0\u00bbdefault\u00a0\u00bb][et_pb_post_title meta=\u00a0\u00bboff\u00a0\u00bb featured_image=\u00a0\u00bboff\u00a0\u00bb _builder_version=\u00a0\u00bb4.7.4&Prime; _module_preset=\u00a0\u00bbdefault\u00a0\u00bb][\/et_pb_post_title][et_pb_text _builder_version=\u00a0\u00bb4.9.4&Prime; _module_preset=\u00a0\u00bbdefault\u00a0\u00bb hover_enabled=\u00a0\u00bb0&Prime; sticky_enabled=\u00a0\u00bb0&Prime;]<\/p>\n<h2>1. Identit\u00e9 et adresse du responsable du fichier des donn\u00e9es \u00e0 caract\u00e8re personnel<\/h2>\n<p>En vertu de la r\u00e9glementation applicable en mati\u00e8re de protection des donn\u00e9es \u00e0 caract\u00e8re personnel, <strong>QUIMICAS MERISTEM S.L.<\/strong> (ci-apr\u00e8s \u00ab\u00a0le responsable du fichier\u00a0\u00bb) vous informe que lorsque vous entrez en contact avec MERISTEM pour solliciter des informations sur nos produits, il peut vous \u00eatre demand\u00e9 de saisir certaines donn\u00e9es \u00e0 caract\u00e8re personnel qui seront trait\u00e9es de mani\u00e8re automatis\u00e9e et enregistr\u00e9es dans le fichier correspondant (\u00e9lectronique et papier), pr\u00e9alablement d\u00e9clar\u00e9 aupr\u00e8s de l\u2019Agence espagnole de protection des donn\u00e9es.<\/p>\n<h2>2. Finalit\u00e9 du traitement des donn\u00e9es \u00e0 caract\u00e8re personnel<\/h2>\n<p>La collecte et le traitement automatis\u00e9 des donn\u00e9es \u00e0 caract\u00e8re personnel ont pour finalit\u00e9 de r\u00e9pondre aux questions que vous nous posez concernant nos produits. Vous consentez \u00e0 ce que vos donn\u00e9es soient trait\u00e9es \u00e0 cette fin, celles-ci ne pouvant \u00eatre utilis\u00e9es dans un autre but. Le formulaire de contact n\u2019a pas pour finalit\u00e9 l\u2019envoi de CV.<\/p>\n<h2>3. Droits d\u2019acc\u00e8s, de rectification, d\u2019annulation et d\u2019opposition<\/h2>\n<p>Le responsable du fichier vous informe qu\u2019en votre qualit\u00e9 de titulaire des donn\u00e9es, vous avez le droit \u00e0 tout moment d\u2019acc\u00e9der au fichier et que vous pouvez exercer vos droits d\u2019acc\u00e8s, de rectification, d\u2019annulation et d\u2019opposition dans les conditions pr\u00e9vues par la l\u00e9gislation relative \u00e0 la protection des donn\u00e9es. Il vous suffit d\u2019envoyer un courrier sign\u00e9 \u00e0 <strong>QUIMICAS MERISTEM S.L.<\/strong> \u00e0 l\u2019adresse suivante\u00a0: Ctra. Moncada N\u00e1quera Km 1,7, Apartado de Correos 30, C.P 46113, Moncada (Valencia). Vous pouvez \u00e9galement effectuer cette demande en envoyant un courriel \u00e0 <a href=\"mailto:info@meristem.com\">info@meristem.com<\/a>. Dans les deux cas, vous devrez joindre une photocopie ou une copie scann\u00e9e de votre carte d\u2019identit\u00e9.<\/p>\n<h2>4. Cession<\/h2>\n<p>Le responsable du fichier vous informe que vos donn\u00e9es \u00e0 caract\u00e8re personnel ne seront pas c\u00e9d\u00e9es \u00e0 des tiers. Si cela s\u2019av\u00e9rait n\u00e9cessaire, votre consentement vous sera demand\u00e9 et des informations vous seront fournies concernant le tiers auquel vos donn\u00e9es sont c\u00e9d\u00e9es, le type d\u2019activit\u00e9s auxquelles il se consacre et la finalit\u00e9 de la cession. Vos donn\u00e9es seront trait\u00e9es de mani\u00e8re strictement confidentielle. Toutefois vous pourrez r\u00e9voquer votre consentement au traitement et \u00e0 la cession de ces donn\u00e9es en envoyant un courrier \u00e0 l\u2019adresse indiqu\u00e9e ci-dessus.<\/p>\n<h2>5. Mesures de s\u00e9curit\u00e9<\/h2>\n<p>Le responsable du fichier a s\u00e9curis\u00e9 ses installations, ses syst\u00e8mes et ses fichiers en fonction de la sensibilit\u00e9 des donn\u00e9es collect\u00e9es, adoptant les mesures de s\u00e9curit\u00e9 exig\u00e9es par la loi, conform\u00e9ment au d\u00e9cret royal 1720\/2007 du 21 d\u00e9cembre 2007 portant approbation du r\u00e8glement d\u2019application de la loi organique 15\/1999. Le responsable du fichier garantit \u00e9galement la confidentialit\u00e9 des donn\u00e9es \u00e0 caract\u00e8re personnel. Il pourra toutefois communiquer aux autorit\u00e9s publiques comp\u00e9tentes les donn\u00e9es \u00e0 caract\u00e8re personnel et toute autre information en sa possession ou accessible \u00e0 travers ses syst\u00e8mes lorsque lesdites autorit\u00e9s publiques lui en feront la demande conform\u00e9ment aux dispositions l\u00e9gales et r\u00e9glementaires applicables.<\/p>\n<h2>6. Principe de qualit\u00e9<\/h2>\n<p>Le responsable du fichier veille \u00e0 pr\u00e9server la qualit\u00e9 des donn\u00e9es collect\u00e9es et \u00e0 garantir qu\u2019elles sont ad\u00e9quates, pertinentes et non excessives au regard de la finalit\u00e9 l\u00e9gitime du traitement. Les utilisateurs garantissent la v\u00e9racit\u00e9, l\u2019exactitude, la validit\u00e9 et l\u2019authenticit\u00e9 des donn\u00e9es \u00e0 caract\u00e8re personnel qu\u2019ils communiquent, ils en assument dans tous les cas la responsabilit\u00e9 et s\u2019engagent \u00e0 les mettre d\u00fbment \u00e0 jour.<\/p>\n<p>Si notre politique de protection des donn\u00e9es devait \u00eatre modifi\u00e9e suite \u00e0 des changements l\u00e9gislatifs ou en raison de crit\u00e8res \u00e9manant de l\u2019Agence de la protection des donn\u00e9es, vous seriez convenablement inform\u00e9 des modifications que nous serions tenus d\u2019introduire pour respecter la loi.<\/p>\n<p>[\/et_pb_text][\/et_pb_column][\/et_pb_row][\/et_pb_section]<\/p>\n","protected":false},"excerpt":{"rendered":"<p>1. Identit\u00e9 et adresse du responsable du fichier des donn\u00e9es \u00e0 caract\u00e8re personnel En vertu de la r\u00e9glementation applicable en mati\u00e8re de protection des donn\u00e9es \u00e0 caract\u00e8re personnel, QUIMICAS MERISTEM S.L. (ci-apr\u00e8s \u00ab\u00a0le responsable du fichier\u00a0\u00bb) vous informe que lorsque vous entrez en contact avec MERISTEM pour solliciter des informations sur nos produits, il peut [&hellip;]<\/p>\n","protected":false},"author":2,"featured_media":0,"parent":0,"menu_order":0,"comment_status":"closed","ping_status":"closed","template":"","meta":{"_acf_changed":false,"_et_pb_use_builder":"on","_et_pb_old_content":"","_et_gb_content_width":"","footnotes":""},"class_list":["post-444","page","type-page","status-publish","hentry"],"acf":[],"_links":{"self":[{"href":"https:\/\/www.meristem.com\/fr\/wp-json\/wp\/v2\/pages\/444","targetHints":{"allow":["GET"]}}],"collection":[{"href":"https:\/\/www.meristem.com\/fr\/wp-json\/wp\/v2\/pages"}],"about":[{"href":"https:\/\/www.meristem.com\/fr\/wp-json\/wp\/v2\/types\/page"}],"author":[{"embeddable":true,"href":"https:\/\/www.meristem.com\/fr\/wp-json\/wp\/v2\/users\/2"}],"replies":[{"embeddable":true,"href":"https:\/\/www.meristem.com\/fr\/wp-json\/wp\/v2\/comments?post=444"}],"version-history":[{"count":0,"href":"https:\/\/www.meristem.com\/fr\/wp-json\/wp\/v2\/pages\/444\/revisions"}],"wp:attachment":[{"href":"https:\/\/www.meristem.com\/fr\/wp-json\/wp\/v2\/media?parent=444"}],"curies":[{"name":"wp","href":"https:\/\/api.w.org\/{rel}","templated":true}]}}